{"id":205,"date":"2023-01-22T20:36:16","date_gmt":"2023-01-22T19:36:16","guid":{"rendered":"https:\/\/beta.apelsophiebarat.net\/?page_id=205"},"modified":"2025-12-06T09:00:19","modified_gmt":"2025-12-06T08:00:19","slug":"apropos-equipe-commissions","status":"publish","type":"page","link":"https:\/\/www.apelsophiebarat.net\/index.php\/apropos-equipe-commissions\/","title":{"rendered":"A propos &#8211; L\u2019\u00e9quipe et les Commissions"},"content":{"rendered":"<p>[et_pb_section fb_built=\u00a0\u00bb1&Prime; _builder_version=\u00a0\u00bb4.20.2&Prime; _module_preset=\u00a0\u00bbdefault\u00a0\u00bb max_width=\u00a0\u00bb100%\u00a0\u00bb custom_margin=\u00a0\u00bb0px||-3px||false|false\u00a0\u00bb custom_padding=\u00a0\u00bb102px||0px||false|false\u00a0\u00bb top_divider_style=\u00a0\u00bbcurve2&Prime; top_divider_color=\u00a0\u00bb#00506d\u00a0\u00bb top_divider_height=\u00a0\u00bb68px\u00a0\u00bb top_divider_repeat=\u00a0\u00bb1x\u00a0\u00bb top_divider_arrangement=\u00a0\u00bbabove_content\u00a0\u00bb bottom_divider_color=\u00a0\u00bb#00506d\u00a0\u00bb bottom_divider_flip=\u00a0\u00bbhorizontal\u00a0\u00bb global_colors_info=\u00a0\u00bb{}\u00a0\u00bb][et_pb_row _builder_version=\u00a0\u00bb4.19.2&Prime; _module_preset=\u00a0\u00bbdefault\u00a0\u00bb global_colors_info=\u00a0\u00bb{}\u00a0\u00bb][et_pb_column type=\u00a0\u00bb4_4&Prime; _builder_version=\u00a0\u00bb4.19.2&Prime; _module_preset=\u00a0\u00bbdefault\u00a0\u00bb global_colors_info=\u00a0\u00bb{}\u00a0\u00bb][et_pb_text _builder_version=\u00a0\u00bb4.27.4&Prime; _module_preset=\u00a0\u00bbdefault\u00a0\u00bb header_5_text_align=\u00a0\u00bbcenter\u00a0\u00bb header_5_text_color=\u00a0\u00bb#c55f0d\u00a0\u00bb header_5_font_size=\u00a0\u00bb20px\u00a0\u00bb custom_padding=\u00a0\u00bb0px|||||\u00a0\u00bb border_width_bottom=\u00a0\u00bb1px\u00a0\u00bb global_colors_info=\u00a0\u00bb{}\u00a0\u00bb]<\/p>\n<h5>L&rsquo;\u00c9QUIPE<\/h5>\n<p>[\/et_pb_text][\/et_pb_column][\/et_pb_row][et_pb_row _builder_version=\u00a0\u00bb4.27.4&Prime; _module_preset=\u00a0\u00bbdefault\u00a0\u00bb global_colors_info=\u00a0\u00bb{}\u00a0\u00bb][et_pb_column type=\u00a0\u00bb4_4&Prime; _builder_version=\u00a0\u00bb4.27.4&Prime; _module_preset=\u00a0\u00bbdefault\u00a0\u00bb global_colors_info=\u00a0\u00bb{}\u00a0\u00bb][et_pb_text _builder_version=\u00a0\u00bb4.27.4&Prime; _module_preset=\u00a0\u00bbdefault\u00a0\u00bb global_colors_info=\u00a0\u00bb{}\u00a0\u00bb]<\/p>\n<h5 class=\"et_pb_toggle_title et-fb-editable-element et-fb-editable-element__editing\" data-shortcode-id=\"0.1.0.0-1763895833996\" data-quickaccess-id=\"title\" data-quickaccess-order=\"1\" contenteditable=\"true\">QUI SOMMES-NOUS ?<\/h5>\n<p><span>L\u2019APEL Sophie Barat est une association r\u00e9gie par la Loi de 1901. Elle se compose de personnes investies de l\u2019autorit\u00e9 parentale sur les enfants scolaris\u00e9s au groupe scolaire Sophie Barat. Soit, VOUS, LES PARENTS !<\/span><\/p>\n<p><span>Elle est administr\u00e9e par un Conseil d\u2019Administration de 25 membres maximum nomm\u00e9s pour 3 ans et renouvelable \u00e0 chaque fin de mandat. Celui-ci choisit chaque ann\u00e9e parmi ses membres un Bureau compos\u00e9 d\u2019un Pr\u00e9sident, d&rsquo;un Vice-Pr\u00e9sident, de deux Secr\u00e9taires et de deux Tr\u00e9soriers.<\/span><\/p>\n<p><span>L\u2019Assembl\u00e9e G\u00e9n\u00e9rale r\u00e9unit tous les membres de l\u2019association au moins une fois par an. Elle se tient au plus tard dans les quatre mois suivant la cl\u00f4ture de l\u2019exercice.<\/span><\/p>\n<p><span><\/span><\/p>\n<h4><span>Les membres du Bureau :<\/span><\/h4>\n<p><span>Pr\u00e9sident : Laurent JACQUEMIN<\/span><\/p>\n<p><span>Vice-pr\u00e9sidente : Thanh-Vy GANGLOFF<\/span><\/p>\n<p><span>Tr\u00e9soriere : Sarah CHALAL<\/span><\/p>\n<p><span>Tr\u00e9soriere : Adriana DOUBLET<\/span><\/p>\n<p><span>Secr\u00e9taire : Benjamin GOBLED<\/span><\/p>\n<p><span>Secr\u00e9taire : C\u00e9cile GUIBERT<\/span><\/p>\n<h4><span>Les membres du Conseil :<\/span><\/h4>\n<p><span>Olivier BODO, Laetitia BREUIL,\u00a0 Manon COMTE, Benjamin LEBRUN, Naoum NAOUM MRIMIDA, Romain MELITI, Sarah MORAZIN-HAMEAU, Beno\u00eet PONTIEUX, Ryma TOUM BENCHEKROUN, <\/span><span>B\u00e9r\u00e9nice VIGROUX et Iman YOUJIL.<\/span><\/p>\n<h4><span>Les responsables des Commissions :<\/span><\/h4>\n<h4><span style=\"font-size: 15px; color: #666666;\">Communication : Sarah MORAZIN-HAMEAU\u00a0 \u00a0 \u00a0 \u00a0\u00a0<\/span><\/h4>\n<h4><span style=\"font-size: 15px; color: #666666;\">Enfants \u00e0 besoins<\/span><span class=\"Apple-converted-space\" style=\"font-size: 15px; color: #666666;\">\u00a0<\/span><span style=\"font-size: 15px; color: #666666;\">sp\u00e9cifiques : Iman YOUJIL<\/span><\/h4>\n<h4><span style=\"font-size: 15px; color: #666666;\">Festivit\u00e9s : C\u00e9cile GUIBERT<\/span><\/h4>\n<h4><span style=\"font-size: 15px; color: #666666;\">Orientation : Beno\u00eet PONTIEUX<\/span><\/h4>\n<h4><span style=\"font-size: 15px; color: #666666;\">Solidarit\u00e9 : Laurent JACQUEMIN<\/span><\/h4>\n<h4><span style=\"font-size: 15px; color: #666666;\">Vie scolaire : <span>Thanh-Vy GANGLOFF<\/span><\/span><\/h4>\n<p>&nbsp;<\/p>\n<p>[\/et_pb_text][\/et_pb_column][\/et_pb_row][et_pb_row column_structure=\u00a0\u00bb1_5,1_5,1_5,1_5,1_5&Prime; _builder_version=\u00a0\u00bb4.27.4&Prime; _module_preset=\u00a0\u00bbdefault\u00a0\u00bb global_colors_info=\u00a0\u00bb{}\u00a0\u00bb][et_pb_column type=\u00a0\u00bb1_5&Prime; _builder_version=\u00a0\u00bb4.27.4&Prime; _module_preset=\u00a0\u00bbdefault\u00a0\u00bb global_colors_info=\u00a0\u00bb{}\u00a0\u00bb][ba_advanced_team photo=\u00a0\u00bbhttps:\/\/www.apelsophiebarat.net\/wp-content\/uploads\/2025\/12\/Capture-decran-2025-12-06-a-08.19.51.png\u00a0\u00bb member_name=\u00a0\u00bbOlivier BODO\u00a0\u00bb job_title=\u00a0\u00bbMembre CA\u00a0\u00bb links_position=\u00a0\u00bbphoto\u00a0\u00bb photo_alignment=\u00a0\u00bbcenter\u00a0\u00bb photo_hover_animation=\u00a0\u00bbzoom-in\u00a0\u00bb content_alignment=\u00a0\u00bbcenter\u00a0\u00bb overlay_icon=\u00a0\u00bb&#x57;||divi||400&Prime; overlay_icon_size=\u00a0\u00bb0px\u00a0\u00bb _builder_version=\u00a0\u00bb4.27.4&Prime; _module_preset=\u00a0\u00bbdefault\u00a0\u00bb name_font=\u00a0\u00bb|600|||||||\u00a0\u00bb name_font_size=\u00a0\u00bb14px\u00a0\u00bb name_line_height=\u00a0\u00bb1em\u00a0\u00bb job_title_font_size=\u00a0\u00bb12px\u00a0\u00bb width=\u00a0\u00bb120%\u00a0\u00bb hover_enabled=\u00a0\u00bb0&Prime; border_width_all_photo=\u00a0\u00bb2px\u00a0\u00bb border_color_all_photo=\u00a0\u00bb#00506d\u00a0\u00bb box_shadow_style_main=\u00a0\u00bbpreset1&Prime; global_colors_info=\u00a0\u00bb{}\u00a0\u00bb sticky_enabled=\u00a0\u00bb0&Prime; title_text=\u00a0\u00bbCapture d\u2019e\u0301cran 2025-12-06 a\u0300 08.19.51&Prime;][\/ba_advanced_team][\/et_pb_column][et_pb_column type=\u00a0\u00bb1_5&Prime; _builder_version=\u00a0\u00bb4.20.2&Prime; _module_preset=\u00a0\u00bbdefault\u00a0\u00bb global_colors_info=\u00a0\u00bb{}\u00a0\u00bb][ba_advanced_team photo=\u00a0\u00bbhttps:\/\/www.apelsophiebarat.net\/wp-content\/uploads\/2025\/11\/Photo-LAETITIA-copie-e1762593606507.jpeg\u00a0\u00bb member_name=\u00a0\u00bbLaetitia BREUIL\u00a0\u00bb job_title=\u00a0\u00bbMembre CA\u00a0\u00bb links_position=\u00a0\u00bbphoto\u00a0\u00bb photo_alignment=\u00a0\u00bbcenter\u00a0\u00bb photo_hover_animation=\u00a0\u00bbzoom-in\u00a0\u00bb content_alignment=\u00a0\u00bbcenter\u00a0\u00bb overlay_icon=\u00a0\u00bb&#x57;||divi||400&Prime; overlay_icon_size=\u00a0\u00bb0px\u00a0\u00bb _builder_version=\u00a0\u00bb4.27.4&Prime; _module_preset=\u00a0\u00bbdefault\u00a0\u00bb name_font=\u00a0\u00bb|600|||||||\u00a0\u00bb name_font_size=\u00a0\u00bb14px\u00a0\u00bb name_line_height=\u00a0\u00bb1em\u00a0\u00bb job_title_font_size=\u00a0\u00bb12px\u00a0\u00bb width=\u00a0\u00bb120%\u00a0\u00bb hover_enabled=\u00a0\u00bb0&Prime; border_width_all_photo=\u00a0\u00bb2px\u00a0\u00bb border_color_all_photo=\u00a0\u00bb#00506d\u00a0\u00bb box_shadow_style_main=\u00a0\u00bbpreset1&Prime; global_colors_info=\u00a0\u00bb{}\u00a0\u00bb sticky_enabled=\u00a0\u00bb0&Prime;][\/ba_advanced_team][\/et_pb_column][et_pb_column type=\u00a0\u00bb1_5&Prime; _builder_version=\u00a0\u00bb4.20.2&Prime; _module_preset=\u00a0\u00bbdefault\u00a0\u00bb global_colors_info=\u00a0\u00bb{}\u00a0\u00bb][ba_advanced_team photo=\u00a0\u00bbhttps:\/\/www.apelsophiebarat.net\/wp-content\/uploads\/2023\/03\/0001_CHALAL_Sarah.jpg\u00a0\u00bb member_name=\u00a0\u00bbSarah CHALAL\u00a0\u00bb job_title=\u00a0\u00bbTr\u00e9sori\u00e8re\u00a0\u00bb links_position=\u00a0\u00bbphoto\u00a0\u00bb photo_alignment=\u00a0\u00bbcenter\u00a0\u00bb photo_hover_animation=\u00a0\u00bbzoom-in\u00a0\u00bb content_alignment=\u00a0\u00bbcenter\u00a0\u00bb overlay_icon=\u00a0\u00bb&#x57;||divi||400&Prime; overlay_icon_size=\u00a0\u00bb0px\u00a0\u00bb _builder_version=\u00a0\u00bb4.20.4&Prime; _module_preset=\u00a0\u00bbdefault\u00a0\u00bb name_font=\u00a0\u00bb|600|||||||\u00a0\u00bb name_font_size=\u00a0\u00bb15px\u00a0\u00bb name_line_height=\u00a0\u00bb1em\u00a0\u00bb job_title_font_size=\u00a0\u00bb12px\u00a0\u00bb width=\u00a0\u00bb120%\u00a0\u00bb module_alignment=\u00a0\u00bbcenter\u00a0\u00bb border_width_all_photo=\u00a0\u00bb2px\u00a0\u00bb border_color_all_photo=\u00a0\u00bb#00506d\u00a0\u00bb box_shadow_style_main=\u00a0\u00bbpreset1&Prime; global_colors_info=\u00a0\u00bb{}\u00a0\u00bb][\/ba_advanced_team][\/et_pb_column][et_pb_column type=\u00a0\u00bb1_5&Prime; _builder_version=\u00a0\u00bb4.20.2&Prime; _module_preset=\u00a0\u00bbdefault\u00a0\u00bb global_colors_info=\u00a0\u00bb{}\u00a0\u00bb][ba_advanced_team photo=\u00a0\u00bbhttps:\/\/www.apelsophiebarat.net\/wp-content\/uploads\/2025\/03\/Manon-Comte.jpg\u00a0\u00bb member_name=\u00a0\u00bbManon COMTE\u00a0\u00bb job_title=\u00a0\u00bbMembre CA\u00a0\u00bb links_position=\u00a0\u00bbphoto\u00a0\u00bb photo_alignment=\u00a0\u00bbcenter\u00a0\u00bb photo_hover_animation=\u00a0\u00bbzoom-in\u00a0\u00bb content_alignment=\u00a0\u00bbcenter\u00a0\u00bb overlay_icon=\u00a0\u00bb&#x57;||divi||400&Prime; overlay_icon_size=\u00a0\u00bb0px\u00a0\u00bb _builder_version=\u00a0\u00bb4.27.4&Prime; _module_preset=\u00a0\u00bbdefault\u00a0\u00bb name_font=\u00a0\u00bb|600|||||||\u00a0\u00bb name_font_size=\u00a0\u00bb14px\u00a0\u00bb name_line_height=\u00a0\u00bb1em\u00a0\u00bb job_title_font_size=\u00a0\u00bb12px\u00a0\u00bb width=\u00a0\u00bb120%\u00a0\u00bb border_width_all_photo=\u00a0\u00bb2px\u00a0\u00bb border_color_all_photo=\u00a0\u00bb#00506d\u00a0\u00bb box_shadow_style_main=\u00a0\u00bbpreset1&Prime; global_colors_info=\u00a0\u00bb{}\u00a0\u00bb][\/ba_advanced_team][\/et_pb_column][et_pb_column type=\u00a0\u00bb1_5&Prime; _builder_version=\u00a0\u00bb4.20.2&Prime; _module_preset=\u00a0\u00bbdefault\u00a0\u00bb global_colors_info=\u00a0\u00bb{}\u00a0\u00bb][ba_advanced_team photo=\u00a0\u00bbhttps:\/\/www.apelsophiebarat.net\/wp-content\/uploads\/2025\/01\/AdobeStock_65772719-scaled.jpeg\u00a0\u00bb member_name=\u00a0\u00bbAdriana DOUBLET\u00a0\u00bb job_title=\u00a0\u00bbTr\u00e9sori\u00e8re\u00a0\u00bb links_position=\u00a0\u00bbphoto\u00a0\u00bb photo_alignment=\u00a0\u00bbcenter\u00a0\u00bb photo_hover_animation=\u00a0\u00bbzoom-in\u00a0\u00bb content_alignment=\u00a0\u00bbcenter\u00a0\u00bb overlay_icon=\u00a0\u00bb&#x57;||divi||400&Prime; overlay_icon_size=\u00a0\u00bb0px\u00a0\u00bb _builder_version=\u00a0\u00bb4.27.4&Prime; _module_preset=\u00a0\u00bbdefault\u00a0\u00bb name_font=\u00a0\u00bb|600|||||||\u00a0\u00bb name_font_size=\u00a0\u00bb14px\u00a0\u00bb name_line_height=\u00a0\u00bb1em\u00a0\u00bb job_title_font_size=\u00a0\u00bb12px\u00a0\u00bb width=\u00a0\u00bb120%\u00a0\u00bb border_width_all_photo=\u00a0\u00bb2px\u00a0\u00bb border_color_all_photo=\u00a0\u00bb#00506d\u00a0\u00bb box_shadow_style_main=\u00a0\u00bbpreset1&Prime; global_colors_info=\u00a0\u00bb{}\u00a0\u00bb][\/ba_advanced_team][\/et_pb_column][\/et_pb_row][et_pb_row column_structure=\u00a0\u00bb1_4,1_4,1_4,1_4&Prime; _builder_version=\u00a0\u00bb4.27.4&Prime; _module_preset=\u00a0\u00bbdefault\u00a0\u00bb global_colors_info=\u00a0\u00bb{}\u00a0\u00bb][et_pb_column type=\u00a0\u00bb1_4&Prime; _builder_version=\u00a0\u00bb4.20.2&Prime; _module_preset=\u00a0\u00bbdefault\u00a0\u00bb global_colors_info=\u00a0\u00bb{}\u00a0\u00bb][ba_advanced_team photo=\u00a0\u00bbhttps:\/\/www.apelsophiebarat.net\/wp-content\/uploads\/2023\/03\/0003_GANGLOFF_Thanh-Vy.jpg\u00a0\u00bb member_name=\u00a0\u00bbThanh-Vy GANGLOFF\u00a0\u00bb job_title=\u00a0\u00bbVice-Pr\u00e9sidente\u00a0\u00bb short_bio=\u00a0\u00bbResponsable Commission Vie Scolaire\u00a0\u00bb links_position=\u00a0\u00bbphoto\u00a0\u00bb photo_alignment=\u00a0\u00bbcenter\u00a0\u00bb photo_hover_animation=\u00a0\u00bbzoom-in\u00a0\u00bb content_alignment=\u00a0\u00bbcenter\u00a0\u00bb overlay_icon=\u00a0\u00bb&#x57;||divi||400&Prime; overlay_icon_size=\u00a0\u00bb0px\u00a0\u00bb _builder_version=\u00a0\u00bb4.27.4&Prime; _module_preset=\u00a0\u00bbdefault\u00a0\u00bb name_font=\u00a0\u00bb|600|||||||\u00a0\u00bb name_font_size=\u00a0\u00bb14px\u00a0\u00bb name_line_height=\u00a0\u00bb1em\u00a0\u00bb job_title_font_size=\u00a0\u00bb12px\u00a0\u00bb width=\u00a0\u00bb120%\u00a0\u00bb border_width_all_photo=\u00a0\u00bb2px\u00a0\u00bb border_color_all_photo=\u00a0\u00bb#00506d\u00a0\u00bb box_shadow_style_main=\u00a0\u00bbpreset1&Prime; global_colors_info=\u00a0\u00bb{}\u00a0\u00bb][\/ba_advanced_team][\/et_pb_column][et_pb_column type=\u00a0\u00bb1_4&Prime; _builder_version=\u00a0\u00bb4.20.2&Prime; _module_preset=\u00a0\u00bbdefault\u00a0\u00bb global_colors_info=\u00a0\u00bb{}\u00a0\u00bb][ba_advanced_team photo=\u00a0\u00bbhttps:\/\/www.apelsophiebarat.net\/wp-content\/uploads\/2025\/03\/IMG_3636-1-scaled.jpg\u00a0\u00bb member_name=\u00a0\u00bbBenjamin GOBLED\u00a0\u00bb job_title=\u00a0\u00bbSecr\u00e9taire\u00a0\u00bb links_position=\u00a0\u00bbphoto\u00a0\u00bb photo_alignment=\u00a0\u00bbcenter\u00a0\u00bb photo_hover_animation=\u00a0\u00bbzoom-in\u00a0\u00bb content_alignment=\u00a0\u00bbcenter\u00a0\u00bb overlay_icon=\u00a0\u00bb&#x57;||divi||400&Prime; overlay_icon_size=\u00a0\u00bb0px\u00a0\u00bb _builder_version=\u00a0\u00bb4.27.4&Prime; _module_preset=\u00a0\u00bbdefault\u00a0\u00bb name_font=\u00a0\u00bb|600|||||||\u00a0\u00bb name_font_size=\u00a0\u00bb14px\u00a0\u00bb name_line_height=\u00a0\u00bb1em\u00a0\u00bb job_title_font_size=\u00a0\u00bb12px\u00a0\u00bb width=\u00a0\u00bb120%\u00a0\u00bb border_width_all_photo=\u00a0\u00bb2px\u00a0\u00bb border_color_all_photo=\u00a0\u00bb#00506d\u00a0\u00bb box_shadow_style_main=\u00a0\u00bbpreset1&Prime; global_colors_info=\u00a0\u00bb{}\u00a0\u00bb][\/ba_advanced_team][\/et_pb_column][et_pb_column type=\u00a0\u00bb1_4&Prime; _builder_version=\u00a0\u00bb4.20.2&Prime; _module_preset=\u00a0\u00bbdefault\u00a0\u00bb global_colors_info=\u00a0\u00bb{}\u00a0\u00bb][ba_advanced_team photo=\u00a0\u00bbhttps:\/\/www.apelsophiebarat.net\/wp-content\/uploads\/2023\/03\/0004_GUIBERT_Cecile.jpg\u00a0\u00bb member_name=\u00a0\u00bbC\u00e9cile GUIBERT\u00a0\u00bb job_title=\u00a0\u00bbSecr\u00e9taire\u00a0\u00bb short_bio=\u00a0\u00bbResponsable Commission Festivit\u00e9s\u00a0\u00bb links_position=\u00a0\u00bbphoto\u00a0\u00bb photo_alignment=\u00a0\u00bbcenter\u00a0\u00bb photo_hover_animation=\u00a0\u00bbzoom-in\u00a0\u00bb content_alignment=\u00a0\u00bbcenter\u00a0\u00bb overlay_icon=\u00a0\u00bb&#x57;||divi||400&Prime; overlay_icon_size=\u00a0\u00bb0px\u00a0\u00bb _builder_version=\u00a0\u00bb4.27.4&Prime; _module_preset=\u00a0\u00bbdefault\u00a0\u00bb name_font=\u00a0\u00bb|600|||||||\u00a0\u00bb name_font_size=\u00a0\u00bb14px\u00a0\u00bb name_line_height=\u00a0\u00bb1em\u00a0\u00bb job_title_font_size=\u00a0\u00bb12px\u00a0\u00bb width=\u00a0\u00bb120%\u00a0\u00bb border_width_all_photo=\u00a0\u00bb2px\u00a0\u00bb border_color_all_photo=\u00a0\u00bb#00506d\u00a0\u00bb box_shadow_style_main=\u00a0\u00bbpreset1&Prime; global_colors_info=\u00a0\u00bb{}\u00a0\u00bb][\/ba_advanced_team][\/et_pb_column][et_pb_column type=\u00a0\u00bb1_4&Prime; _builder_version=\u00a0\u00bb4.27.4&Prime; _module_preset=\u00a0\u00bbdefault\u00a0\u00bb global_colors_info=\u00a0\u00bb{}\u00a0\u00bb][ba_advanced_team photo=\u00a0\u00bbhttps:\/\/www.apelsophiebarat.net\/wp-content\/uploads\/2023\/03\/0005_JACQUEMIN_Laurent.jpg\u00a0\u00bb member_name=\u00a0\u00bbLaurent JACQUEMIN\u00a0\u00bb job_title=\u00a0\u00bbPr\u00e9sident\u00a0\u00bb short_bio=\u00a0\u00bbResponsable Commission Solidarit\u00e9\u00a0\u00bb links_position=\u00a0\u00bbphoto\u00a0\u00bb photo_alignment=\u00a0\u00bbcenter\u00a0\u00bb photo_hover_animation=\u00a0\u00bbzoom-in\u00a0\u00bb content_alignment=\u00a0\u00bbcenter\u00a0\u00bb overlay_icon=\u00a0\u00bb&#x57;||divi||400&Prime; overlay_icon_size=\u00a0\u00bb0px\u00a0\u00bb _builder_version=\u00a0\u00bb4.27.4&Prime; _module_preset=\u00a0\u00bbdefault\u00a0\u00bb name_font=\u00a0\u00bb|600|||||||\u00a0\u00bb name_font_size=\u00a0\u00bb14px\u00a0\u00bb name_line_height=\u00a0\u00bb1em\u00a0\u00bb job_title_font_size=\u00a0\u00bb12px\u00a0\u00bb width=\u00a0\u00bb120%\u00a0\u00bb border_width_all_photo=\u00a0\u00bb2px\u00a0\u00bb border_color_all_photo=\u00a0\u00bb#00506d\u00a0\u00bb box_shadow_style_main=\u00a0\u00bbpreset1&Prime; global_colors_info=\u00a0\u00bb{}\u00a0\u00bb][\/ba_advanced_team][\/et_pb_column][\/et_pb_row][et_pb_row column_structure=\u00a0\u00bb1_4,1_4,1_4,1_4&Prime; _builder_version=\u00a0\u00bb4.27.4&Prime; _module_preset=\u00a0\u00bbdefault\u00a0\u00bb global_colors_info=\u00a0\u00bb{}\u00a0\u00bb][et_pb_column type=\u00a0\u00bb1_4&Prime; disabled_on=\u00a0\u00bboff|on|off\u00a0\u00bb _builder_version=\u00a0\u00bb4.20.2&Prime; _module_preset=\u00a0\u00bbdefault\u00a0\u00bb global_colors_info=\u00a0\u00bb{}\u00a0\u00bb][ba_advanced_team photo=\u00a0\u00bbhttps:\/\/www.apelsophiebarat.net\/wp-content\/uploads\/2025\/11\/WhatsApp-Image-2025-11-14-at-20.23.08-e1763151819257.jpeg\u00a0\u00bb member_name=\u00a0\u00bbBenjamin LEBRUN\u00a0\u00bb job_title=\u00a0\u00bbMembre CA\u00a0\u00bb links_position=\u00a0\u00bbphoto\u00a0\u00bb photo_alignment=\u00a0\u00bbcenter\u00a0\u00bb photo_hover_animation=\u00a0\u00bbzoom-in\u00a0\u00bb content_alignment=\u00a0\u00bbcenter\u00a0\u00bb overlay_icon=\u00a0\u00bb&#x57;||divi||400&Prime; overlay_icon_size=\u00a0\u00bb0px\u00a0\u00bb _builder_version=\u00a0\u00bb4.27.4&Prime; _module_preset=\u00a0\u00bbdefault\u00a0\u00bb name_font=\u00a0\u00bb|600|||||||\u00a0\u00bb name_font_size=\u00a0\u00bb14px\u00a0\u00bb name_line_height=\u00a0\u00bb1em\u00a0\u00bb job_title_font_size=\u00a0\u00bb12px\u00a0\u00bb short_bio_font_size=\u00a0\u00bb13px\u00a0\u00bb width=\u00a0\u00bb120%\u00a0\u00bb border_width_all_photo=\u00a0\u00bb2px\u00a0\u00bb border_color_all_photo=\u00a0\u00bb#00506d\u00a0\u00bb box_shadow_style_main=\u00a0\u00bbpreset1&Prime; global_colors_info=\u00a0\u00bb{}\u00a0\u00bb][\/ba_advanced_team][\/et_pb_column][et_pb_column type=\u00a0\u00bb1_4&Prime; _builder_version=\u00a0\u00bb4.20.2&Prime; _module_preset=\u00a0\u00bbdefault\u00a0\u00bb global_colors_info=\u00a0\u00bb{}\u00a0\u00bb][ba_advanced_team photo=\u00a0\u00bbhttps:\/\/www.apelsophiebarat.net\/wp-content\/uploads\/2025\/03\/Romain-Meliti-1.jpg\u00a0\u00bb member_name=\u00a0\u00bbRomain MELITI\u00a0\u00bb job_title=\u00a0\u00bbMembre CA\u00a0\u00bb links_position=\u00a0\u00bbphoto\u00a0\u00bb photo_alignment=\u00a0\u00bbcenter\u00a0\u00bb photo_hover_animation=\u00a0\u00bbzoom-in\u00a0\u00bb content_alignment=\u00a0\u00bbcenter\u00a0\u00bb overlay_icon=\u00a0\u00bb&#x57;||divi||400&Prime; overlay_icon_size=\u00a0\u00bb0px\u00a0\u00bb _builder_version=\u00a0\u00bb4.27.4&Prime; _module_preset=\u00a0\u00bbdefault\u00a0\u00bb name_font=\u00a0\u00bb|600|||||||\u00a0\u00bb name_font_size=\u00a0\u00bb14px\u00a0\u00bb name_line_height=\u00a0\u00bb1em\u00a0\u00bb job_title_font_size=\u00a0\u00bb12px\u00a0\u00bb width=\u00a0\u00bb120%\u00a0\u00bb border_width_all_photo=\u00a0\u00bb2px\u00a0\u00bb border_color_all_photo=\u00a0\u00bb#00506d\u00a0\u00bb box_shadow_style_main=\u00a0\u00bbpreset1&Prime; global_colors_info=\u00a0\u00bb{}\u00a0\u00bb][\/ba_advanced_team][\/et_pb_column][et_pb_column type=\u00a0\u00bb1_4&Prime; _builder_version=\u00a0\u00bb4.27.4&Prime; _module_preset=\u00a0\u00bbdefault\u00a0\u00bb global_colors_info=\u00a0\u00bb{}\u00a0\u00bb][ba_advanced_team photo=\u00a0\u00bbhttps:\/\/www.apelsophiebarat.net\/wp-content\/uploads\/2025\/03\/Sarah-MH.jpg\u00a0\u00bb member_name=\u00a0\u00bbSarah MORAZIN &#8211; HAMEAU   \u00a0\u00bb job_title=\u00a0\u00bbMembre CA\u00a0\u00bb short_bio=\u00a0\u00bbResponsable Commission Communication\u00a0\u00bb links_position=\u00a0\u00bbphoto\u00a0\u00bb photo_alignment=\u00a0\u00bbcenter\u00a0\u00bb photo_hover_animation=\u00a0\u00bbzoom-in\u00a0\u00bb content_alignment=\u00a0\u00bbcenter\u00a0\u00bb overlay_icon=\u00a0\u00bb&#x57;||divi||400&Prime; overlay_icon_size=\u00a0\u00bb0px\u00a0\u00bb _builder_version=\u00a0\u00bb4.27.4&Prime; _module_preset=\u00a0\u00bbdefault\u00a0\u00bb name_font=\u00a0\u00bb|600|||||||\u00a0\u00bb name_font_size=\u00a0\u00bb14px\u00a0\u00bb name_line_height=\u00a0\u00bb1em\u00a0\u00bb job_title_font_size=\u00a0\u00bb12px\u00a0\u00bb width=\u00a0\u00bb120%\u00a0\u00bb border_width_all_photo=\u00a0\u00bb2px\u00a0\u00bb border_color_all_photo=\u00a0\u00bb#00506d\u00a0\u00bb box_shadow_style_main=\u00a0\u00bbpreset1&Prime; global_colors_info=\u00a0\u00bb{}\u00a0\u00bb][\/ba_advanced_team][\/et_pb_column][et_pb_column type=\u00a0\u00bb1_4&Prime; _builder_version=\u00a0\u00bb4.20.2&Prime; _module_preset=\u00a0\u00bbdefault\u00a0\u00bb global_colors_info=\u00a0\u00bb{}\u00a0\u00bb][ba_advanced_team photo=\u00a0\u00bbhttps:\/\/www.apelsophiebarat.net\/wp-content\/uploads\/2025\/01\/AdobeStock_65772719-scaled.jpeg\u00a0\u00bb member_name=\u00a0\u00bbMariem NAOUM MRIMIDA\u00a0\u00bb job_title=\u00a0\u00bbMembre CA\u00a0\u00bb links_position=\u00a0\u00bbphoto\u00a0\u00bb photo_alignment=\u00a0\u00bbcenter\u00a0\u00bb photo_hover_animation=\u00a0\u00bbzoom-in\u00a0\u00bb content_alignment=\u00a0\u00bbcenter\u00a0\u00bb overlay_icon=\u00a0\u00bb&#x57;||divi||400&Prime; overlay_icon_size=\u00a0\u00bb0px\u00a0\u00bb _builder_version=\u00a0\u00bb4.27.4&Prime; _module_preset=\u00a0\u00bbdefault\u00a0\u00bb name_font=\u00a0\u00bb|600|||||||\u00a0\u00bb name_font_size=\u00a0\u00bb14px\u00a0\u00bb name_line_height=\u00a0\u00bb1em\u00a0\u00bb job_title_font_size=\u00a0\u00bb12px\u00a0\u00bb width=\u00a0\u00bb120%\u00a0\u00bb border_width_all_photo=\u00a0\u00bb2px\u00a0\u00bb border_color_all_photo=\u00a0\u00bb#00506d\u00a0\u00bb box_shadow_style_main=\u00a0\u00bbpreset1&Prime; global_colors_info=\u00a0\u00bb{}\u00a0\u00bb][\/ba_advanced_team][\/et_pb_column][\/et_pb_row][et_pb_row column_structure=\u00a0\u00bb1_4,1_4,1_4,1_4&Prime; _builder_version=\u00a0\u00bb4.27.4&Prime; _module_preset=\u00a0\u00bbdefault\u00a0\u00bb global_colors_info=\u00a0\u00bb{}\u00a0\u00bb][et_pb_column type=\u00a0\u00bb1_4&Prime; _builder_version=\u00a0\u00bb4.20.2&Prime; _module_preset=\u00a0\u00bbdefault\u00a0\u00bb global_colors_info=\u00a0\u00bb{}\u00a0\u00bb][ba_advanced_team photo=\u00a0\u00bbhttps:\/\/www.apelsophiebarat.net\/wp-content\/uploads\/2025\/01\/AdobeStock_65772719-scaled.jpeg\u00a0\u00bb member_name=\u00a0\u00bbBeno\u00eet PONTIEUX\u00a0\u00bb job_title=\u00a0\u00bbMembre CA\u00a0\u00bb short_bio=\u00a0\u00bbResponsable Commission Orientation\u00a0\u00bb links_position=\u00a0\u00bbphoto\u00a0\u00bb photo_alignment=\u00a0\u00bbcenter\u00a0\u00bb photo_hover_animation=\u00a0\u00bbzoom-in\u00a0\u00bb content_alignment=\u00a0\u00bbcenter\u00a0\u00bb overlay_icon=\u00a0\u00bb&#x57;||divi||400&Prime; overlay_icon_size=\u00a0\u00bb0px\u00a0\u00bb _builder_version=\u00a0\u00bb4.27.4&Prime; _module_preset=\u00a0\u00bbdefault\u00a0\u00bb name_font=\u00a0\u00bb|600|||||||\u00a0\u00bb name_font_size=\u00a0\u00bb14px\u00a0\u00bb name_line_height=\u00a0\u00bb1em\u00a0\u00bb job_title_font_size=\u00a0\u00bb12px\u00a0\u00bb width=\u00a0\u00bb120%\u00a0\u00bb border_width_all_photo=\u00a0\u00bb2px\u00a0\u00bb border_color_all_photo=\u00a0\u00bb#00506d\u00a0\u00bb box_shadow_style_main=\u00a0\u00bbpreset1&Prime; global_colors_info=\u00a0\u00bb{}\u00a0\u00bb][\/ba_advanced_team][\/et_pb_column][et_pb_column type=\u00a0\u00bb1_4&Prime; _builder_version=\u00a0\u00bb4.20.2&Prime; _module_preset=\u00a0\u00bbdefault\u00a0\u00bb global_colors_info=\u00a0\u00bb{}\u00a0\u00bb][ba_advanced_team photo=\u00a0\u00bbhttps:\/\/www.apelsophiebarat.net\/wp-content\/uploads\/2025\/11\/WhatsApp-Image-2025-11-14-at-21.09.00-e1763151493113.jpeg\u00a0\u00bb member_name=\u00a0\u00bbRyma TOUM BENCHEKROUN\u00a0\u00bb job_title=\u00a0\u00bbMembre CA\u00a0\u00bb links_position=\u00a0\u00bbphoto\u00a0\u00bb photo_alignment=\u00a0\u00bbcenter\u00a0\u00bb photo_hover_animation=\u00a0\u00bbzoom-in\u00a0\u00bb content_alignment=\u00a0\u00bbcenter\u00a0\u00bb overlay_icon=\u00a0\u00bb&#x57;||divi||400&Prime; overlay_icon_size=\u00a0\u00bb0px\u00a0\u00bb _builder_version=\u00a0\u00bb4.27.4&Prime; _module_preset=\u00a0\u00bbdefault\u00a0\u00bb name_font=\u00a0\u00bb|600|||||||\u00a0\u00bb name_font_size=\u00a0\u00bb14px\u00a0\u00bb name_line_height=\u00a0\u00bb1em\u00a0\u00bb job_title_font_size=\u00a0\u00bb12px\u00a0\u00bb width=\u00a0\u00bb120%\u00a0\u00bb custom_padding=\u00a0\u00bb9px|||||\u00a0\u00bb border_width_all_photo=\u00a0\u00bb2px\u00a0\u00bb border_color_all_photo=\u00a0\u00bb#00506d\u00a0\u00bb box_shadow_style_main=\u00a0\u00bbpreset1&Prime; global_colors_info=\u00a0\u00bb{}\u00a0\u00bb][\/ba_advanced_team][\/et_pb_column][et_pb_column type=\u00a0\u00bb1_4&Prime; _builder_version=\u00a0\u00bb4.20.2&Prime; _module_preset=\u00a0\u00bbdefault\u00a0\u00bb global_colors_info=\u00a0\u00bb{}\u00a0\u00bb][ba_advanced_team photo=\u00a0\u00bbhttps:\/\/www.apelsophiebarat.net\/wp-content\/uploads\/2023\/03\/01-Berenice-Vigroux.jpg\u00a0\u00bb member_name=\u00a0\u00bbB\u00e9r\u00e9nice VIGROUX\u00a0\u00bb job_title=\u00a0\u00bbMembre CA\u00a0\u00bb links_position=\u00a0\u00bbphoto\u00a0\u00bb photo_alignment=\u00a0\u00bbcenter\u00a0\u00bb photo_hover_animation=\u00a0\u00bbzoom-in\u00a0\u00bb content_alignment=\u00a0\u00bbcenter\u00a0\u00bb overlay_icon=\u00a0\u00bb&#x57;||divi||400&Prime; overlay_icon_size=\u00a0\u00bb0px\u00a0\u00bb _builder_version=\u00a0\u00bb4.20.4&Prime; _module_preset=\u00a0\u00bbdefault\u00a0\u00bb name_font=\u00a0\u00bb|600|||||||\u00a0\u00bb name_font_size=\u00a0\u00bb14px\u00a0\u00bb name_line_height=\u00a0\u00bb1em\u00a0\u00bb job_title_font_size=\u00a0\u00bb12px\u00a0\u00bb short_bio_font_size=\u00a0\u00bb13px\u00a0\u00bb width=\u00a0\u00bb120%\u00a0\u00bb border_width_all_photo=\u00a0\u00bb2px\u00a0\u00bb border_color_all_photo=\u00a0\u00bb#00506d\u00a0\u00bb box_shadow_style_main=\u00a0\u00bbpreset1&Prime; global_colors_info=\u00a0\u00bb{}\u00a0\u00bb][\/ba_advanced_team][\/et_pb_column][et_pb_column type=\u00a0\u00bb1_4&Prime; _builder_version=\u00a0\u00bb4.27.4&Prime; _module_preset=\u00a0\u00bbdefault\u00a0\u00bb global_colors_info=\u00a0\u00bb{}\u00a0\u00bb][ba_advanced_team photo=\u00a0\u00bbhttps:\/\/www.apelsophiebarat.net\/wp-content\/uploads\/2023\/03\/0015_YOUJIL_Iman.jpg\u00a0\u00bb member_name=\u00a0\u00bbIman YOUJIL\u00a0\u00bb job_title=\u00a0\u00bbMembre CA\u00a0\u00bb short_bio=\u00a0\u00bbResponsable Commission EBS\u00a0\u00bb links_position=\u00a0\u00bbphoto\u00a0\u00bb photo_alignment=\u00a0\u00bbcenter\u00a0\u00bb photo_hover_animation=\u00a0\u00bbzoom-in\u00a0\u00bb content_alignment=\u00a0\u00bbcenter\u00a0\u00bb overlay_icon=\u00a0\u00bb&#x57;||divi||400&Prime; overlay_icon_size=\u00a0\u00bb0px\u00a0\u00bb _builder_version=\u00a0\u00bb4.20.4&Prime; _module_preset=\u00a0\u00bbdefault\u00a0\u00bb name_font=\u00a0\u00bb|600|||||||\u00a0\u00bb name_font_size=\u00a0\u00bb14px\u00a0\u00bb name_line_height=\u00a0\u00bb1em\u00a0\u00bb job_title_font_size=\u00a0\u00bb12px\u00a0\u00bb width=\u00a0\u00bb120%\u00a0\u00bb border_width_all_photo=\u00a0\u00bb2px\u00a0\u00bb border_color_all_photo=\u00a0\u00bb#00506d\u00a0\u00bb box_shadow_style_main=\u00a0\u00bbpreset1&Prime; global_colors_info=\u00a0\u00bb{}\u00a0\u00bb][\/ba_advanced_team][\/et_pb_column][\/et_pb_row][\/et_pb_section][et_pb_section fb_built=\u00a0\u00bb1&Prime; _builder_version=\u00a0\u00bb4.20.2&Prime; _module_preset=\u00a0\u00bbdefault\u00a0\u00bb height=\u00a0\u00bb476px\u00a0\u00bb bottom_divider_style=\u00a0\u00bbwave2&Prime; bottom_divider_color=\u00a0\u00bb#00506d\u00a0\u00bb global_colors_info=\u00a0\u00bb{}\u00a0\u00bb][\/et_pb_section]<\/p>\n","protected":false},"excerpt":{"rendered":"<p>L&rsquo;\u00c9QUIPEQUI SOMMES-NOUS ? L\u2019APEL Sophie Barat est une association r\u00e9gie par la Loi de 1901. Elle se compose de personnes investies de l\u2019autorit\u00e9 parentale sur les enfants scolaris\u00e9s au groupe scolaire Sophie Barat. Soit, VOUS, LES PARENTS ! Elle est administr\u00e9e par un Conseil d\u2019Administration de 25 membres maximum nomm\u00e9s pour 3 ans et renouvelable [&hellip;]<\/p>\n","protected":false},"author":1,"featured_media":0,"parent":0,"menu_order":2,"comment_status":"closed","ping_status":"closed","template":"","meta":{"_et_pb_use_builder":"on","_et_pb_old_content":"","_et_gb_content_width":"","footnotes":""},"class_list":["post-205","page","type-page","status-publish","hentry"],"_links":{"self":[{"href":"https:\/\/www.apelsophiebarat.net\/index.php\/wp-json\/wp\/v2\/pages\/205","targetHints":{"allow":["GET"]}}],"collection":[{"href":"https:\/\/www.apelsophiebarat.net\/index.php\/wp-json\/wp\/v2\/pages"}],"about":[{"href":"https:\/\/www.apelsophiebarat.net\/index.php\/wp-json\/wp\/v2\/types\/page"}],"author":[{"embeddable":true,"href":"https:\/\/www.apelsophiebarat.net\/index.php\/wp-json\/wp\/v2\/users\/1"}],"replies":[{"embeddable":true,"href":"https:\/\/www.apelsophiebarat.net\/index.php\/wp-json\/wp\/v2\/comments?post=205"}],"version-history":[{"count":56,"href":"https:\/\/www.apelsophiebarat.net\/index.php\/wp-json\/wp\/v2\/pages\/205\/revisions"}],"predecessor-version":[{"id":3821,"href":"https:\/\/www.apelsophiebarat.net\/index.php\/wp-json\/wp\/v2\/pages\/205\/revisions\/3821"}],"wp:attachment":[{"href":"https:\/\/www.apelsophiebarat.net\/index.php\/wp-json\/wp\/v2\/media?parent=205"}],"curies":[{"name":"wp","href":"https:\/\/api.w.org\/{rel}","templated":true}]}}